{"id":312,"date":"2021-09-20T21:43:46","date_gmt":"2021-09-20T21:43:46","guid":{"rendered":"https:\/\/notariarequena.es\/?page_id=312"},"modified":"2023-08-30T11:38:03","modified_gmt":"2023-08-30T11:38:03","slug":"politica-de-privacidad","status":"publish","type":"page","link":"https:\/\/notariarequena.es\/ca\/politica-de-privacidad\/","title":{"rendered":"Pol\u00edtica de Privacitat."},"content":{"rendered":"<div data-elementor-type=\"wp-page\" data-elementor-id=\"312\" class=\"elementor elementor-312\" data-elementor-post-type=\"page\">\n\t\t\t\t\t\t<section class=\"elementor-section elementor-top-section elementor-element elementor-element-4131f9d5 elementor-section-boxed elementor-section-height-default elementor-section-height-default\" data-id=\"4131f9d5\" data-element_type=\"section\">\n\t\t\t\t\t\t<div class=\"elementor-container elementor-column-gap-default\">\n\t\t\t\t\t<div class=\"elementor-column elementor-col-100 elementor-top-column elementor-element elementor-element-10ecf1e3\" data-id=\"10ecf1e3\" data-element_type=\"column\">\n\t\t\t<div class=\"elementor-widget-wrap elementor-element-populated\">\n\t\t\t\t\t\t<div class=\"elementor-element elementor-element-3813290 elementor-widget elementor-widget-heading\" data-id=\"3813290\" data-element_type=\"widget\" data-widget_type=\"heading.default\">\n\t\t\t\t<div class=\"elementor-widget-container\">\n\t\t\t\t\t<h2 class=\"elementor-heading-title elementor-size-default\">Pol\u00edtica de Privacitat.<\/h2>\t\t\t\t<\/div>\n\t\t\t\t<\/div>\n\t\t\t\t<div class=\"elementor-element elementor-element-629a412d elementor-widget elementor-widget-text-editor\" data-id=\"629a412d\" data-element_type=\"widget\" data-widget_type=\"text-editor.default\">\n\t\t\t\t<div class=\"elementor-widget-container\">\n\t\t\t\t\t\t\t\t\t<p><strong>1. Protecci\u00f3 de dades personals<\/strong><\/p>\n<p>Responsable del tractament<\/p>\n<p><\/p>\n<ul class=\"wp-block-list\">\n<li>Titular: NOT\u00c0RIA CRISTINA REQUENA TORRECILLAS<\/li>\n<li>Denominaci\u00f3n: NOTARIA CRISTINA REQUENA TORRECILLA<\/li>\n<li>Adre\u00e7a: Passeig de Gr\u00e0cia 47,principal (08007 Barcelona)<\/li>\n<li>Correu electr\u00f2nic:&nbsp;<a href=\"mailto:info@notariarequena.com\" target=\"_blank\" rel=\"noreferrer noopener\">info@notariarequena.com<\/a><\/li>\n<li>En compliment del que disposa el REGLAMENT UE 2016\/679 GENERAL DE PROTECCI\u00d3 DE DADES (RGPD) i la Llei 34\/2002, d'11 de juliol, de Serveis de la Societat de la Informaci\u00f3 i Comer\u00e7 Electr\u00f2nic (LSSI), l'informem que totes les dades personals que ens faciliti a trav\u00e9s d'aquest lloc web, passaran a formar part d'un fitxer titularitat de NOT\u00c0RIA CRISTINA REQUENA TORRECILLAS amb la finalitat de prestar el servei sol\u00b7licitat.<\/li>\n<\/ul>\n<div><br><\/div>\n<p><b>Finalidad del tratamiento:<\/b><\/p>\n<p><\/p>\n<p><\/p>\n<p>Los datos personales que nos remita a trav\u00e9s de los formularios de este sitio web solo se utilizar\u00e1n para las siguientes finalidades:<\/p>\n<p><\/p>\n<p><\/p>\n<ol class=\"wp-block-list\" type=\"1\">\n<li>Gesti\u00f3n de su consulta.<\/li>\n<li>Enviament d'informaci\u00f3, per via electr\u00f2nica o no electr\u00f2nica, relacionada amb la seva consulta i els serveis de la notaria;<\/li>\n<li>Servei d'atenci\u00f3 a l'usuari, resoluci\u00f3 de dubtes, presentaci\u00f3 de queixes o suggeriments.<\/li>\n<\/ol>\n<p><\/p>\n<p>Les dades personals proporcionades es conservaran mentre no se sol\u00b7liciti la seva supressi\u00f3 per l'interessat.<\/p>\n<p><b>Legitimaci\u00f3 del tractament<\/b><\/p>\n<p><!-- \/wp:paragraph --><\/p>\n<p><!-- wp:paragraph --><\/p>\n<p>La base legal per al tractament de les dades \u00e9s la legitimaci\u00f3 per consentiment de l'interessat per a la finalitat principal d'atenci\u00f3 de la consulta que ens remeti l'usuari, destinataris de cessions o transfer\u00e8ncies.<\/p>\n<p><!-- \/wp:paragraph --><\/p>\n<p><!-- wp:paragraph --><\/p>\n<p>Solo en el caso de que recibamos el encargo del usuario para la tramitaci\u00f3n a trav\u00e9s de nuestros servicios, sus datos podr\u00e1n ser comunicados a entidades de gesti\u00f3n a las que encomendamos la tramitaci\u00f3n de los documentos notariales ante las Administraciones P\u00fablicas.<\/p>\n<p><!-- \/wp:paragraph --><\/p>\n<p><!-- wp:paragraph --><\/p>\n<p><b>Derechos de las personas interesadas:<\/b><\/p>\n<p><!-- \/wp:paragraph --><\/p>\n<p><!-- wp:paragraph --><\/p>\n<p>Qualsevol persona t\u00e9 dret a obtenir confirmaci\u00f3 sobre si en NOT\u00c0RIA CRISTINA REQUENA TORRECILLAS es tracten dades personals que el concerneixin, o no.<\/p>\n<p><!-- \/wp:paragraph --><\/p>\n<p><!-- wp:paragraph --><\/p>\n<p>D'altra banda, qualsevol interessat podr\u00e0 sol\u00b7licitar l'exercici dels seg\u00fcents drets davant NOT\u00c0RIA CRISTINA REQUENA TORRECILLAS personalment o per escrit a l'adre\u00e7a postal o correu electr\u00f2nic de l'encap\u00e7alament, pr\u00e8via verificaci\u00f3 de la seva identitat:<\/p>\n<p><!-- \/wp:paragraph --><\/p>\n<p><!-- wp:list --><\/p>\n<ul>\n<li>Dret d'acc\u00e9s: permet a l'interessat con\u00e8ixer i obtenir informaci\u00f3 sobre les seves dades de car\u00e0cter personal sotmesos a tractament.<\/li>\n<li>Dret de rectificaci\u00f3 o supressi\u00f3: permet corregir errors, modificar les dades que resultin ser inexactes o incomplets i garantir la certesa de la informaci\u00f3 objecte del tractament.<\/li>\n<li>Dret de cancel\u00b7laci\u00f3: permet que se suprimeixin les dades que resultin ser inadequats o excessius<\/li>\n<li>Dret d'oposici\u00f3: dret de l'interessat al fet que no es dugui a terme el tractament de les seves dades de car\u00e0cter personal o se cessi en aquest.<\/li>\n<li>Limitaci\u00f3 del tractament: comporta el marcat de les dades personals conservades, amb la finalitat de limitar el seu futur tractament.<\/li>\n<li>Portabilitat de les dades: facilitaci\u00f3 de les dades objecte de tractament a l'interessat, a fi que aquest pugui transmetre'ls a un altre responsable, sense impediments.<\/li>\n<li>Dret a no ser objecte de decisions individuals automatitzades (inclosa l'elaboraci\u00f3 de perfils): dret a no ser objecte d'una decisi\u00f3 basada en el tractament automatitzat que produeixi efectes o afecti significativament.<\/li>\n<\/ul>\n<p><!-- \/wp:list --><\/p>\n<p><!-- wp:paragraph --><\/p>\n<p>L'interessat pot, en qualsevol moment, revocar el consentiment pr\u00e8viament atorgat. En el cas que revoqui el consentiment per a emmagatzemar i processar les seves dades, NOT\u00c0RIA CRISTINA REQUENA TORRECILLAS no podr\u00e0 proporcionar-li determinats serveis.<\/p>\n<p><!-- \/wp:paragraph --><\/p>\n<p><!-- wp:paragraph --><\/p>\n<p>En cas de desatenci\u00f3 d'algun dels citats drets, l'interessat podr\u00e0 interposar la corresponent reclamaci\u00f3 de tutela davant l'Ag\u00e8ncia Espanyola de Protecci\u00f3 de Dades.<\/p>\n<p><!-- \/wp:paragraph --><\/p>\n<p><!-- wp:paragraph --><\/p>\n<p>La conservaci\u00f3 de les dades quedar\u00e0 subjecta al termini de prescripci\u00f3 de les diferents obligacions legals. En cap cas es contempla per part de NOT\u00c0RIA CRISTINA REQUENA TORRECILLAS la presa de decisions automatitzades per a l'elaboraci\u00f3 de perfils o la transfer\u00e8ncia internacional a tercers pa\u00efsos.<\/p>\n<p><!-- \/wp:paragraph --><\/p>\n<p><!-- wp:paragraph --><\/p>\n<p>NOT\u00c0RIA CRISTINA REQUENA TORRECILLAS es compromet al compliment de la seva obligaci\u00f3 de secret de les dades de car\u00e0cter personal i del seu deure de tractar-los amb confidencialitat, i adoptar\u00e0, a aquest efecte, les mesures necess\u00e0ries per a evitar la seva alteraci\u00f3, p\u00e8rdua, tractament o acc\u00e9s no autoritzat.<\/p>\n<p><!-- \/wp:paragraph --><\/p>\n<p><!-- wp:paragraph --><\/p>\n<p><strong>2. Exclusi\u00f3 de garanties i responsabilitat<\/strong><\/p>\n<p><!-- \/wp:paragraph --><\/p>\n<p><!-- wp:paragraph --><\/p>\n<p>El titular del lloc web no es fa responsable dels danys i perjudicis de qualsevol naturalesa que poguessin ocasionar. A t\u00edtol enunciatiu: errors o omissions en continguts, falta de disponibilitat del portal o transmissi\u00f3 de virus o programes maliciosos. Tampoc per efectes lesius en els continguts i malgrat haver adoptat totes les mesures tecnol\u00f2giques necess\u00e0ries per a evitar-ho.<\/p>\n\n<p><strong>3. Enlla\u00e7os<\/strong><\/p>\n\n<p>Este sitio Web puede disponer de enlaces o hiperv\u00ednculos hacia otros sitios de Internet. Se informa de que el presente titular no ejercer\u00e1 ning\u00fan tipo de control sobre dichos sitios y contenidos. En ning\u00fan caso, el titular de la presente web asumir\u00e1 responsabilidad alguna por contenidos enlazados a un sitio web externo. Tampoco garantizar\u00e1 disponibilidad t\u00e9cnica, calidad, fiabilidad, exactitud, amplitud, veracidad, validez y legalidad de cualquier material o informaci\u00f3n en ning\u00fan hiperv\u00ednculo. La inclusi\u00f3n de estas conexiones externas no implicar\u00e1 ning\u00fan tipo de asociaci\u00f3n, fusi\u00f3n o participaci\u00f3n con las entidades conectadas. El titular del presente sitio-web aconseja la lectura de los avisos legales espec\u00edficos de cada sitio Web al que acceda.<\/p>\n<p><!-- \/wp:paragraph --><\/p>\n<p><!-- wp:paragraph --><\/p>\n<p>Les dades personals facilitades al titular del lloc web seran incorporats a un fitxer automatitzat de la seva titularitat situat en el seu domicili social i degudament notificat a l'Ag\u00e8ncia de Protecci\u00f3 de Dades.<\/p>\n<p><!-- \/wp:paragraph --><\/p>\n<p><!-- wp:paragraph --><\/p>\n<p>Qualsevol tercer que hagi lliurat dades de car\u00e0cter personal al titular del lloc web t\u00e9 dret d'acc\u00e9s, rectificaci\u00f3, cancel\u00b7laci\u00f3 i oposici\u00f3 respecte a les seves dades personals. Aquests drets es podran exercitar mitjan\u00e7ant escrit dirigit al domicili social del titular o correu electr\u00f2nic enviat&nbsp;<a href=\"mailto:info@notariarequena.es\" target=\"_blank\" rel=\"noreferrer noopener\">info@notariarequena.es<\/a>.<\/p>\n<p><!-- \/wp:paragraph --><\/p>\n<p><!-- wp:paragraph --><\/p>\n<p>El titular del lloc web es compromet a complir l'obligaci\u00f3 de secret establerta en la legislaci\u00f3 aplicable, respecte de les dades contingudes en el seu fitxer.<\/p>\n<p><!-- \/wp:paragraph --><\/p>\n<p><!-- wp:paragraph --><\/p>\n<p>En el cas que el titular del lloc web establ\u00eds unes condicions particulars en mat\u00e8ria de protecci\u00f3 de dades per a un servei concret, aquestes tindran prefer\u00e8ncia en el cas de conflicte entre les mateixes i la present Pol\u00edtica de Protecci\u00f3 de Dades.<\/p>\n<p><!-- \/wp:paragraph --><\/p>\n<p><!-- wp:paragraph --><\/p>\n<p>El titular del lloc web es reserva el dret de modificar la seva Pol\u00edtica de Protecci\u00f3 de Dades d'acord amb la legislaci\u00f3 aplicable a cada moment. Qualsevol modificaci\u00f3 de la Pol\u00edtica de Protecci\u00f3 de Dades ser\u00e0 publicada en la present Web accessible per qualsevol persona.<\/p>\n<p><strong>4. Propietat intel\u00b7lectual<\/strong><\/p>\n<p><!-- \/wp:paragraph --><\/p>\n<p><!-- wp:paragraph --><\/p>\n<p>Los contenidos y elementos gr\u00e1ficos que forman parte del sitio web son de titularidad exclusiva de NOTARIA CRISTINA REQUENA TORRECILLAS. As\u00ed mismo, los contenidos del sitio web son objeto de propiedad intelectual. Cualquier uso o reproducci\u00f3n de estos contenidos por parte de terceros no autorizados est\u00e1 estrictamente prohibido. En caso de querer hacer uso de ellos, deben hacerse siguiendo las previsiones de la normativa sobre propiedad intelectual.<\/p>\n<p>Si se quiere utilizar leg\u00edtimamente alg\u00fan contenido, se deber\u00e1 solicitar el debido consentimiento mediante env\u00edo de correo electr\u00f3nico a:&nbsp;<a href=\"mailto:info@notariarequena.es\" target=\"_blank\" rel=\"noreferrer noopener\">info@notariarequena.es<\/a><\/p>\t\t\t\t\t\t\t\t<\/div>\n\t\t\t\t<\/div>\n\t\t\t\t\t<\/div>\n\t\t<\/div>\n\t\t\t\t\t<\/div>\n\t\t<\/section>\n\t\t\t\t<\/div>","protected":false},"excerpt":{"rendered":"<p>1. Protecci\u00f3n de datos personales Responsable del tratamiento Titular: NOTARIA CRISTINA REQUENA TORRECILLAS Denominaci\u00f3n: NOTARIA CRISTINA REQUENA TORRECILLA Direcci\u00f3n: Paseo de Gracia 47,principal (08007 Barcelona) Correo electr\u00f3nico:&nbsp;info@notariarequena.com En cumplimiento de lo que dispone el REGLAMENTO UE 2016\/679 GENERAL DE PROTECCI\u00d3N DE DATOS (RGPD) y la Ley 34\/2002, de 11 de julio, de Servicios de la [&hellip;]<\/p>","protected":false},"author":2,"featured_media":0,"parent":0,"menu_order":0,"comment_status":"closed","ping_status":"closed","template":"elementor_header_footer","meta":{"footnotes":""},"class_list":["post-312","page","type-page","status-publish","hentry"],"yoast_head":"<!-- This site is optimized with the Yoast SEO plugin v25.4 - https:\/\/yoast.com\/wordpress\/plugins\/seo\/ -->\n<title>Pol\u00edtica de Privacidad - Notaria Requena<\/title>\n<meta name=\"robots\" content=\"noindex, nofollow\" \/>\n<meta property=\"og:locale\" content=\"ca_ES\" \/>\n<meta property=\"og:type\" content=\"article\" \/>\n<meta property=\"og:title\" content=\"Pol\u00edtica de Privacidad - Notaria Requena\" \/>\n<meta property=\"og:description\" content=\"1. Protecci\u00f3n de datos personales Responsable del tratamiento Titular: NOTARIA CRISTINA REQUENA TORRECILLAS Denominaci\u00f3n: NOTARIA CRISTINA REQUENA TORRECILLA Direcci\u00f3n: Paseo de Gracia 47,principal (08007 Barcelona) Correo electr\u00f3nico:&nbsp;info@notariarequena.com En cumplimiento de lo que dispone el REGLAMENTO UE 2016\/679 GENERAL DE PROTECCI\u00d3N DE DATOS (RGPD) y la Ley 34\/2002, de 11 de julio, de Servicios de la [&hellip;]\" \/>\n<meta property=\"og:url\" content=\"https:\/\/notariarequena.es\/ca\/politica-de-privacidad\/\" \/>\n<meta property=\"og:site_name\" content=\"Notaria Requena\" \/>\n<meta property=\"article:modified_time\" content=\"2023-08-30T11:38:03+00:00\" \/>\n<meta name=\"twitter:card\" content=\"summary_large_image\" \/>\n<meta name=\"twitter:label1\" content=\"Temps estimat de lectura\" \/>\n\t<meta name=\"twitter:data1\" content=\"5 minuts\" \/>\n<script type=\"application\/ld+json\" class=\"yoast-schema-graph\">{\"@context\":\"https:\/\/schema.org\",\"@graph\":[{\"@type\":\"WebPage\",\"@id\":\"https:\/\/notariarequena.es\/politica-de-privacidad\/\",\"url\":\"https:\/\/notariarequena.es\/politica-de-privacidad\/\",\"name\":\"Pol\u00edtica de Privacidad - Notaria Requena\",\"isPartOf\":{\"@id\":\"https:\/\/notariarequena.es\/#website\"},\"datePublished\":\"2021-09-20T21:43:46+00:00\",\"dateModified\":\"2023-08-30T11:38:03+00:00\",\"breadcrumb\":{\"@id\":\"https:\/\/notariarequena.es\/politica-de-privacidad\/#breadcrumb\"},\"inLanguage\":\"ca\",\"potentialAction\":[{\"@type\":\"ReadAction\",\"target\":[\"https:\/\/notariarequena.es\/politica-de-privacidad\/\"]}]},{\"@type\":\"BreadcrumbList\",\"@id\":\"https:\/\/notariarequena.es\/politica-de-privacidad\/#breadcrumb\",\"itemListElement\":[{\"@type\":\"ListItem\",\"position\":1,\"name\":\"Portada\",\"item\":\"https:\/\/notariarequena.es\/\"},{\"@type\":\"ListItem\",\"position\":2,\"name\":\"Pol\u00edtica de Privacidad\"}]},{\"@type\":\"WebSite\",\"@id\":\"https:\/\/notariarequena.es\/#website\",\"url\":\"https:\/\/notariarequena.es\/\",\"name\":\"Notaria Requena\",\"description\":\"Just another WordPress site\",\"publisher\":{\"@id\":\"https:\/\/notariarequena.es\/#organization\"},\"potentialAction\":[{\"@type\":\"SearchAction\",\"target\":{\"@type\":\"EntryPoint\",\"urlTemplate\":\"https:\/\/notariarequena.es\/?s={search_term_string}\"},\"query-input\":{\"@type\":\"PropertyValueSpecification\",\"valueRequired\":true,\"valueName\":\"search_term_string\"}}],\"inLanguage\":\"ca\"},{\"@type\":\"Organization\",\"@id\":\"https:\/\/notariarequena.es\/#organization\",\"name\":\"Notaria Requena\",\"url\":\"https:\/\/notariarequena.es\/\",\"logo\":{\"@type\":\"ImageObject\",\"inLanguage\":\"ca\",\"@id\":\"https:\/\/notariarequena.es\/#\/schema\/logo\/image\/\",\"url\":\"https:\/\/notariarequena.es\/wp-content\/uploads\/2021\/09\/cropped-notariacristinarequena600-1.png\",\"contentUrl\":\"https:\/\/notariarequena.es\/wp-content\/uploads\/2021\/09\/cropped-notariacristinarequena600-1.png\",\"width\":600,\"height\":150,\"caption\":\"Notaria Requena\"},\"image\":{\"@id\":\"https:\/\/notariarequena.es\/#\/schema\/logo\/image\/\"}}]}<\/script>\n<!-- \/ Yoast SEO plugin. -->","yoast_head_json":{"title":"Pol\u00edtica de Privacidad - Notaria Requena","robots":{"index":"noindex","follow":"nofollow"},"og_locale":"ca_ES","og_type":"article","og_title":"Pol\u00edtica de Privacidad - Notaria Requena","og_description":"1. Protecci\u00f3n de datos personales Responsable del tratamiento Titular: NOTARIA CRISTINA REQUENA TORRECILLAS Denominaci\u00f3n: NOTARIA CRISTINA REQUENA TORRECILLA Direcci\u00f3n: Paseo de Gracia 47,principal (08007 Barcelona) Correo electr\u00f3nico:&nbsp;info@notariarequena.com En cumplimiento de lo que dispone el REGLAMENTO UE 2016\/679 GENERAL DE PROTECCI\u00d3N DE DATOS (RGPD) y la Ley 34\/2002, de 11 de julio, de Servicios de la [&hellip;]","og_url":"https:\/\/notariarequena.es\/ca\/politica-de-privacidad\/","og_site_name":"Notaria Requena","article_modified_time":"2023-08-30T11:38:03+00:00","twitter_card":"summary_large_image","twitter_misc":{"Temps estimat de lectura":"5 minuts"},"schema":{"@context":"https:\/\/schema.org","@graph":[{"@type":"WebPage","@id":"https:\/\/notariarequena.es\/politica-de-privacidad\/","url":"https:\/\/notariarequena.es\/politica-de-privacidad\/","name":"Pol\u00edtica de Privacidad - Notaria Requena","isPartOf":{"@id":"https:\/\/notariarequena.es\/#website"},"datePublished":"2021-09-20T21:43:46+00:00","dateModified":"2023-08-30T11:38:03+00:00","breadcrumb":{"@id":"https:\/\/notariarequena.es\/politica-de-privacidad\/#breadcrumb"},"inLanguage":"ca","potentialAction":[{"@type":"ReadAction","target":["https:\/\/notariarequena.es\/politica-de-privacidad\/"]}]},{"@type":"BreadcrumbList","@id":"https:\/\/notariarequena.es\/politica-de-privacidad\/#breadcrumb","itemListElement":[{"@type":"ListItem","position":1,"name":"Portada","item":"https:\/\/notariarequena.es\/"},{"@type":"ListItem","position":2,"name":"Pol\u00edtica de Privacidad"}]},{"@type":"WebSite","@id":"https:\/\/notariarequena.es\/#website","url":"https:\/\/notariarequena.es\/","name":"Notaria Requena","description":"Just another WordPress site","publisher":{"@id":"https:\/\/notariarequena.es\/#organization"},"potentialAction":[{"@type":"SearchAction","target":{"@type":"EntryPoint","urlTemplate":"https:\/\/notariarequena.es\/?s={search_term_string}"},"query-input":{"@type":"PropertyValueSpecification","valueRequired":true,"valueName":"search_term_string"}}],"inLanguage":"ca"},{"@type":"Organization","@id":"https:\/\/notariarequena.es\/#organization","name":"Notaria Requena","url":"https:\/\/notariarequena.es\/","logo":{"@type":"ImageObject","inLanguage":"ca","@id":"https:\/\/notariarequena.es\/#\/schema\/logo\/image\/","url":"https:\/\/notariarequena.es\/wp-content\/uploads\/2021\/09\/cropped-notariacristinarequena600-1.png","contentUrl":"https:\/\/notariarequena.es\/wp-content\/uploads\/2021\/09\/cropped-notariacristinarequena600-1.png","width":600,"height":150,"caption":"Notaria Requena"},"image":{"@id":"https:\/\/notariarequena.es\/#\/schema\/logo\/image\/"}}]}},"_links":{"self":[{"href":"https:\/\/notariarequena.es\/ca\/wp-json\/wp\/v2\/pages\/312","targetHints":{"allow":["GET"]}}],"collection":[{"href":"https:\/\/notariarequena.es\/ca\/wp-json\/wp\/v2\/pages"}],"about":[{"href":"https:\/\/notariarequena.es\/ca\/wp-json\/wp\/v2\/types\/page"}],"author":[{"embeddable":true,"href":"https:\/\/notariarequena.es\/ca\/wp-json\/wp\/v2\/users\/2"}],"replies":[{"embeddable":true,"href":"https:\/\/notariarequena.es\/ca\/wp-json\/wp\/v2\/comments?post=312"}],"version-history":[{"count":22,"href":"https:\/\/notariarequena.es\/ca\/wp-json\/wp\/v2\/pages\/312\/revisions"}],"predecessor-version":[{"id":2152,"href":"https:\/\/notariarequena.es\/ca\/wp-json\/wp\/v2\/pages\/312\/revisions\/2152"}],"wp:attachment":[{"href":"https:\/\/notariarequena.es\/ca\/wp-json\/wp\/v2\/media?parent=312"}],"curies":[{"name":"wp","href":"https:\/\/api.w.org\/{rel}","templated":true}]}}